{"id":210,"date":"2018-10-10T13:50:50","date_gmt":"2018-10-10T10:50:50","guid":{"rendered":"http:\/\/genesisexpo.webgeniuslab.net\/?page_id=210"},"modified":"2023-05-03T21:23:24","modified_gmt":"2023-05-03T18:23:24","slug":"home","status":"publish","type":"page","link":"https:\/\/isf.org.tr\/en\/","title":{"rendered":"HOME"},"content":{"rendered":"[vc_row css=&#8221;.vc_custom_1539606550856{margin-top: -40px !important;}&#8221; el_class=&#8221;add_wave_rev_slider&#8221;][vc_column][rev_slider_vc alias=&#8221;home&#8221;][\/vc_column][\/vc_row][vc_row][vc_column][wgl_spacing spacer_size=&#8221;30px&#8221;][\/vc_column][\/vc_row][vc_row equal_height=&#8221;yes&#8221; content_placement=&#8221;middle&#8221;][vc_column offset=&#8221;vc_col-md-5&#8243;][wgl_double_headings title_weight=&#8221;400&#8243; title_color=&#8221;#232323&#8243; subtitle_color=&#8221;#be3455&#8243; bgtitle_color=&#8221;#f3f3f3&#8243; title=&#8221;Istanbul Security Forum&#8221; bgtitle=&#8221;ABOUT&#8221; responsive_font=&#8221;true&#8221; font_size_mobile=&#8221;36&#8243; bg_responsive_font=&#8221;true&#8221; bg_font_size_mobile=&#8221;75&#8243;][wgl_spacing spacer_size=&#8221;30px&#8221;][vc_column_text]The Istanbul Security Forum (ISF) will be held between 2-3 May 2023 by the Directorate of Communications in order to address regional and global security threats and solution proposals with an innovative perspective.[\/vc_column_text][wgl_spacing spacer_size=&#8221;30px&#8221;][wgl_button button_text=&#8221;MORE DETAILS&#8221; shadow_style=&#8221;on_hover&#8221; customize=&#8221;color&#8221; text_color=&#8221;#313131&#8243; text_color_hover=&#8221;#ffffff&#8221; bg_color=&#8221;#ffffff&#8221; bg_color_hover=&#8221;#be3455&#8243; border_color=&#8221;#be3455&#8243; border_color_hover=&#8221;#be3455&#8243; link=&#8221;url:https%3A%2F%2Fisf.org.tr%2Fen%2Fabout-forum%2F&#8221;][wgl_spacing spacer_size=&#8221;60px&#8221; screen_tablet=&#8221;768&#8243; responsive_tablet=&#8221;true&#8221; size_tablet=&#8221;35&#8243;][\/vc_column][vc_column offset=&#8221;vc_col-md-offset-1 vc_col-md-6&#8243; css=&#8221;.vc_custom_1539853054854{background-position: center !important;background-repeat: no-repeat !important;background-size: cover !important;}&#8221;][vc_single_image image=&#8221;2807&#8243; img_size=&#8221;full&#8221;][\/vc_column][\/vc_row][vc_row disable_element=&#8221;yes&#8221; el_class=&#8221;box-shadow-1 radius-10 z-index-1&#8243; css=&#8221;.vc_custom_1682978832367{margin-top: -10px !important;margin-right: -90px !important;margin-left: -90px !important;padding-right: 75px !important;padding-left: 75px !important;background-color: #ffffff !important;}&#8221;][vc_column css=&#8221;.vc_custom_1539240782402{padding-top: 0px !important;}&#8221;][wgl_spacing spacer_size=&#8221;55px&#8221;][vc_row_inner equal_height=&#8221;yes&#8221; content_placement=&#8221;middle&#8221;][vc_column_inner css=&#8221;.vc_custom_1539852390033{border-right-width: 0px !important;padding-top: 0px !important;border-right-color: #dedede !important;border-right-style: solid !important;}&#8221; offset=&#8221;vc_col-md-3&#8243;][wgl_custom_text font_size=&#8221;36&#8243; line_height=&#8221;48&#8243; line_height_tablet=&#8221;42&#8243; line_height_mobile=&#8221;37&#8243; responsive_font_tablet=&#8221;true&#8221; font_size_tablet=&#8221;32&#8243; responsive_font_mobile=&#8221;true&#8221; font_size_mobile=&#8221;28&#8243;]\n<h3><span style=\"font-weight: 500;\" class=\"genesisexpo_font-weight\">Countdown to the <span style=\"color: #be3455;\">ISF<\/span><\/span><\/h3>\n[\/wgl_custom_text][wgl_spacing spacer_size=&#8221;0&#8243; screen_tablet=&#8221;992&#8243; responsive_tablet=&#8221;true&#8221; size_tablet=&#8221;55&#8243;][\/vc_column_inner][vc_column_inner css=&#8221;.vc_custom_1539850196013{margin-top: -30px !important;padding-top: 0px !important;}&#8221; offset=&#8221;vc_col-md-9&#8243;][wgl_countdown size=&#8221;medium&#8221; number_color=&#8221;#232323&#8243; countdown_color=&#8221;#fd226a&#8221; points_color=&#8221;#b5b5b5&#8243; countdown_year=&#8221;2023&#8243; countdown_month=&#8221;05&#8243; countdown_day=&#8221;02&#8243; countdown_hours=&#8221;0&#8243; countdown_min=&#8221;0&#8243;][\/vc_column_inner][\/vc_row_inner][wgl_spacing spacer_size=&#8221;55&#8243; screen_tablet=&#8221;992&#8243; responsive_tablet=&#8221;true&#8221; size_tablet=&#8221;65&#8243;][\/vc_column][\/vc_row][vc_row][vc_column][wgl_spacing spacer_size=&#8221;75px&#8221;][\/vc_column][\/vc_row][vc_row full_width=&#8221;stretch_row&#8221; css=&#8221;.vc_custom_1682518915013{background-image: url(http:\/\/isf.org.tr\/en\/wp-content\/uploads\/2018\/10\/section_02.jpg?id=250) !important;background-position: center !important;background-repeat: no-repeat !important;background-size: cover !important;}&#8221;][vc_column][wgl_spacing spacer_size=&#8221;60px&#8221;][wgl_double_headings align=&#8221;center&#8221; title_color=&#8221;#232323&#8243; subtitle_color=&#8221;#be3455&#8243; bgtitle_color=&#8221;#ffffff&#8221; title=&#8221;Event Program&#8221; subtitle=&#8221;`{`Istanbul Security Forum`}`&#8221; bgtitle=&#8221;PROGRAM&#8221; custom_bgtitle_color=&#8221;true&#8221; bg_responsive_font=&#8221;true&#8221; bg_font_size_mobile=&#8221;50&#8243;][wgl_spacing spacer_size=&#8221;20px&#8221;][vc_row_inner][vc_column_inner offset=&#8221;vc_col-lg-offset-3 vc_col-lg-6 vc_col-md-offset-2 vc_col-md-8&#8243;][vc_column_text]\n<p style=\"text-align: center;\">2-3 May 2023 &#8211; Conrad Istanbul Bosphorus<\/p>\n[\/vc_column_text][\/vc_column_inner][\/vc_row_inner][wgl_timetabs_wrapper][wgl_timetabs_container tab_title=&#8221;2 MAY 2023&#8243; tab_sub_title=&#8221;DAY 1&#8243; tab_id=&#8221;1539243322591-d2142050-399318ed-4551&#8243;][wgl_timetabs_item time=&#8221;09:00 &#8211; 10:00&#8243; title=&#8221;Registration&#8221; button_text=&#8221;&#8221; button_text_color=&#8221;#232323&#8243; button_text_color_hover=&#8221;#ffffff&#8221; button_bg_color=&#8221;#ffffff&#8221; button_bg_color_hover=&#8221;#be3455&#8243; button_border_color=&#8221;#be3455&#8243; button_border_color_hover=&#8221;#be3455&#8243;][wgl_timetabs_item time=&#8221;10:00 &#8211; 11:00&#8243; title=&#8221;Opening Speeches&#8221; button_text=&#8221;&#8221; button_text_color=&#8221;#232323&#8243; button_text_color_hover=&#8221;#ffffff&#8221; button_bg_color=&#8221;#ffffff&#8221; button_bg_color_hover=&#8221;#be3455&#8243; button_border_color=&#8221;#be3455&#8243; button_border_color_hover=&#8221;#be3455&#8243;][wgl_timetabs_item time=&#8221;11:00 &#8211; 12:30&#8243; title=&#8221;The War in Ukraine: The Return of Geopolitics and the Rebuilding of Regional Security&#8221; button_text=&#8221;DETAILS&#8221; button_text_color=&#8221;#232323&#8243; button_text_color_hover=&#8221;#ffffff&#8221; button_bg_color=&#8221;#ffffff&#8221; button_bg_color_hover=&#8221;#be3455&#8243; button_border_color=&#8221;#be3455&#8243; button_border_color_hover=&#8221;#be3455&#8243; description=&#8221;Panel&#8221; button_link=&#8221;url:https%3A%2F%2Fisf.org.tr%2Fen%2Fevents%2Fthe-war-in-ukraine-the-return-of-geopolitics-and-the-rebuilding-of-regional-security%2F&#8221;][wgl_timetabs_item time=&#8221;12:30 &#8211; 13:30&#8243; title=&#8221;Lunch Break&#8221; button_text=&#8221;&#8221; button_text_color=&#8221;#232323&#8243; button_text_color_hover=&#8221;#ffffff&#8221; button_bg_color=&#8221;#ffffff&#8221; button_bg_color_hover=&#8221;#be3455&#8243; button_border_color=&#8221;#be3455&#8243; button_border_color_hover=&#8221;#be3455&#8243;][wgl_timetabs_item time=&#8221;13:30 &#8211; 15:00&#8243; title=&#8221;Recoding of Transatlantic Security Architecture&#8221; button_text=&#8221;DETAILS&#8221; button_text_color=&#8221;#232323&#8243; button_text_color_hover=&#8221;#ffffff&#8221; button_bg_color=&#8221;#ffffff&#8221; button_bg_color_hover=&#8221;#be3455&#8243; button_border_color=&#8221;#be3455&#8243; button_border_color_hover=&#8221;#be3455&#8243; description=&#8221;Panel&#8221; button_link=&#8221;url:https%3A%2F%2Fisf.org.tr%2Fen%2Fevents%2Frecoding-of-transatlantic-security-architecture%2F&#8221;][wgl_timetabs_item time=&#8221;13:30 &#8211; 15:00&#8243; title=&#8221;Information Security: Misinformation,Disinformation and Propaganda&#8221; button_text=&#8221;DETAILS&#8221; button_text_color=&#8221;#232323&#8243; button_text_color_hover=&#8221;#ffffff&#8221; button_bg_color=&#8221;#ffffff&#8221; button_bg_color_hover=&#8221;#be3455&#8243; button_border_color=&#8221;#be3455&#8243; button_border_color_hover=&#8221;#be3455&#8243; description=&#8221;Panel&#8221; button_link=&#8221;url:https%3A%2F%2Fisf.org.tr%2Fen%2Fevents%2Finformation-security-misinformation-disinformation-and-propaganda%2F&#8221;][wgl_timetabs_item time=&#8221;15:00 &#8211; 15:30&#8243; title=&#8221;Coffee Break&#8221; button_text=&#8221;&#8221; button_text_color=&#8221;#232323&#8243; button_text_color_hover=&#8221;#ffffff&#8221; button_bg_color=&#8221;#ffffff&#8221; button_bg_color_hover=&#8221;#be3455&#8243; button_border_color=&#8221;#be3455&#8243; button_border_color_hover=&#8221;#be3455&#8243;][wgl_timetabs_item time=&#8221;15:30 &#8211; 17:00&#8243; title=&#8221;The Role of Organization of Turkic States (OTS) in Regional Security of Central Asia&#8221; button_text=&#8221;DETAILS&#8221; button_text_color=&#8221;#232323&#8243; button_text_color_hover=&#8221;#ffffff&#8221; button_bg_color=&#8221;#ffffff&#8221; button_bg_color_hover=&#8221;#be3455&#8243; button_border_color=&#8221;#be3455&#8243; button_border_color_hover=&#8221;#be3455&#8243; description=&#8221;ISFOneonOne&#8221; button_link=&#8221;url:https%3A%2F%2Fisf.org.tr%2Fen%2Fevents%2Fthe-role-of-organization-of-turkic-states%2F&#8221;][wgl_timetabs_item time=&#8221;15:30 &#8211; 17:00&#8243; title=&#8221;Balance of Power in the US-Russia-China Relations&#8221; button_text=&#8221;DETAILS&#8221; button_text_color=&#8221;#232323&#8243; button_text_color_hover=&#8221;#ffffff&#8221; button_bg_color=&#8221;#ffffff&#8221; button_bg_color_hover=&#8221;#be3455&#8243; button_border_color=&#8221;#be3455&#8243; button_border_color_hover=&#8221;#be3455&#8243; description=&#8221;Panel&#8221; button_link=&#8221;url:https%3A%2F%2Fisf.org.tr%2Fen%2Fevents%2Fbalance-of-power-in-the-us-russia-china-relations%2F&#8221;][\/wgl_timetabs_container][wgl_timetabs_container tab_title=&#8221;3 MAY 2023&#8243; tab_sub_title=&#8221;DAY 2&#8243; tab_id=&#8221;1539243774193-008eb5ff-2d4f18ed-4551&#8243;][wgl_timetabs_item time=&#8221;09:30 &#8211; 11:00&#8243; title=&#8221;The International System in a Deadlock: International Organisations and Global Terrorism&#8221; button_text=&#8221;DETAILS&#8221; button_text_color=&#8221;#232323&#8243; button_text_color_hover=&#8221;#ffffff&#8221; button_bg_color=&#8221;#ffffff&#8221; button_bg_color_hover=&#8221;#be3455&#8243; button_border_color=&#8221;#be3455&#8243; button_border_color_hover=&#8221;#be3455&#8243; description=&#8221;ISFRound&#8221; button_link=&#8221;url:https%3A%2F%2Fisf.org.tr%2Fen%2Fevents%2Fthe-international-system-in-a-deadlock%2F&#8221;][wgl_timetabs_item time=&#8221;09:30 &#8211; 11:00&#8243; title=&#8221;T\u00fcrkiye as a Stabilising Power in an Age of Turmoil&#8221; button_text=&#8221;DETAILS&#8221; button_text_color=&#8221;#232323&#8243; button_text_color_hover=&#8221;#ffffff&#8221; button_bg_color=&#8221;#ffffff&#8221; button_bg_color_hover=&#8221;#be3455&#8243; button_border_color=&#8221;#be3455&#8243; button_border_color_hover=&#8221;#be3455&#8243; description=&#8221;Panel&#8221; button_link=&#8221;url:https%3A%2F%2Fisf.org.tr%2Fen%2Fevents%2Fturkiye-as-a-stabilising-power-in-an-age-of-turmoil%2F&#8221;][wgl_timetabs_item time=&#8221;09:30 &#8211; 11:00&#8243; title=&#8221;Reputational Security in International Competition&#8221; button_text=&#8221;DETAILS&#8221; button_text_color=&#8221;#232323&#8243; button_text_color_hover=&#8221;#ffffff&#8221; button_bg_color=&#8221;#ffffff&#8221; button_bg_color_hover=&#8221;#be3455&#8243; button_border_color=&#8221;#be3455&#8243; button_border_color_hover=&#8221;#be3455&#8243; description=&#8221;ISFOneonOne&#8221; button_link=&#8221;url:https%3A%2F%2Fisf.org.tr%2Fen%2Fevents%2Freputational-security-in-international-competition%2F&#8221;][wgl_timetabs_item time=&#8221;11:00 &#8211; 11:15&#8243; title=&#8221;Coffee Break&#8221; button_text=&#8221;&#8221; button_text_color=&#8221;#232323&#8243; button_text_color_hover=&#8221;#ffffff&#8221; button_bg_color=&#8221;#ffffff&#8221; button_bg_color_hover=&#8221;#be3455&#8243; button_border_color=&#8221;#be3455&#8243; button_border_color_hover=&#8221;#be3455&#8243;][wgl_timetabs_item time=&#8221;11:15 &#8211; 12:30&#8243; title=&#8221;Humanitarian Security in Natural Disasters and Crises&#8221; button_text=&#8221;DETAILS&#8221; button_text_color=&#8221;#232323&#8243; button_text_color_hover=&#8221;#ffffff&#8221; button_bg_color=&#8221;#ffffff&#8221; button_bg_color_hover=&#8221;#be3455&#8243; button_border_color=&#8221;#be3455&#8243; button_border_color_hover=&#8221;#be3455&#8243; description=&#8221;ISFRound&#8221; button_link=&#8221;url:https%3A%2F%2Fisf.org.tr%2Fen%2Fevents%2Fhumanitarian-security-in-natural-disasters-and-crises%2F&#8221;][wgl_timetabs_item time=&#8221;11:15 &#8211; 12:30&#8243; title=&#8221;The Changing Nature of War and the Defence Industry&#8221; button_text=&#8221;DETAILS&#8221; button_text_color=&#8221;#232323&#8243; button_text_color_hover=&#8221;#ffffff&#8221; button_bg_color=&#8221;#ffffff&#8221; button_bg_color_hover=&#8221;#be3455&#8243; button_border_color=&#8221;#be3455&#8243; button_border_color_hover=&#8221;#be3455&#8243; description=&#8221;Panel&#8221; button_link=&#8221;url:https%3A%2F%2Fisf.org.tr%2Fen%2Fevents%2Fthe-changing-nature-of-war-and-the-defence-industry%2F&#8221;][wgl_timetabs_item time=&#8221;11:15 &#8211; 12:30&#8243; title=&#8221;Challenges in the Governance of Global Security: Nuclear Proliferation, Technology, Energy and Environment&#8221; button_text=&#8221;DETAILS&#8221; button_text_color=&#8221;#232323&#8243; button_text_color_hover=&#8221;#ffffff&#8221; button_bg_color=&#8221;#ffffff&#8221; button_bg_color_hover=&#8221;#be3455&#8243; button_border_color=&#8221;#be3455&#8243; button_border_color_hover=&#8221;#be3455&#8243; description=&#8221;Panel&#8221; button_link=&#8221;url:https%3A%2F%2Fisf.org.tr%2Fen%2Fevents%2Fchallenges-on-the-governance-of-global-security%2F&#8221;][wgl_timetabs_item time=&#8221;12:30 &#8211; 14:00&#8243; title=&#8221;Lunch Break&#8221; button_text=&#8221;&#8221; button_text_color=&#8221;#232323&#8243; button_text_color_hover=&#8221;#ffffff&#8221; button_bg_color=&#8221;#ffffff&#8221; button_bg_color_hover=&#8221;#be3455&#8243; button_border_color=&#8221;#be3455&#8243; button_border_color_hover=&#8221;#be3455&#8243;][wgl_timetabs_item time=&#8221;14:00 &#8211; 15:30&#8243; title=&#8221;Eastern Mediterranean Energy Competition and Cooperation&#8221; button_text=&#8221;DETAILS&#8221; button_text_color=&#8221;#232323&#8243; button_text_color_hover=&#8221;#ffffff&#8221; button_bg_color=&#8221;#ffffff&#8221; button_bg_color_hover=&#8221;#be3455&#8243; button_border_color=&#8221;#be3455&#8243; button_border_color_hover=&#8221;#be3455&#8243; description=&#8221;ISFRound&#8221; button_link=&#8221;url:https%3A%2F%2Fisf.org.tr%2Fen%2Fevents%2Feastern-mediterranean-energy-competition-and-cooperation%2F&#8221;][wgl_timetabs_item time=&#8221;14:00 &#8211; 15:30&#8243; title=&#8221;Acute Challenges in the Middle East&#8221; button_text=&#8221;DETAILS&#8221; button_text_color=&#8221;#232323&#8243; button_text_color_hover=&#8221;#ffffff&#8221; button_bg_color=&#8221;#ffffff&#8221; button_bg_color_hover=&#8221;#be3455&#8243; button_border_color=&#8221;#be3455&#8243; button_border_color_hover=&#8221;#be3455&#8243; description=&#8221;Panel&#8221; button_link=&#8221;url:https%3A%2F%2Fisf.org.tr%2Fen%2Fevents%2Facute-challenges-in-the-middle-east%2F&#8221;][wgl_timetabs_item time=&#8221;14:00 &#8211; 15:30&#8243; title=&#8221;A New Insight into the Balkans&#8221; button_text=&#8221;DETAILS&#8221; button_text_color=&#8221;#232323&#8243; button_text_color_hover=&#8221;#ffffff&#8221; button_bg_color=&#8221;#ffffff&#8221; button_bg_color_hover=&#8221;#be3455&#8243; button_border_color=&#8221;#be3455&#8243; button_border_color_hover=&#8221;#be3455&#8243; description=&#8221;Panel&#8221; button_link=&#8221;url:https%3A%2F%2Fisf.org.tr%2Fen%2Fevents%2Fa-new-insight-into-the-balkans%2F&#8221;][wgl_timetabs_item time=&#8221;15:30 &#8211; 16:00&#8243; title=&#8221;Coffee Break&#8221; button_text=&#8221;&#8221; button_text_color=&#8221;#232323&#8243; button_text_color_hover=&#8221;#ffffff&#8221; button_bg_color=&#8221;#ffffff&#8221; button_bg_color_hover=&#8221;#be3455&#8243; button_border_color=&#8221;#be3455&#8243; button_border_color_hover=&#8221;#be3455&#8243;][wgl_timetabs_item time=&#8221;16:00 &#8211; 16:30&#8243; title=&#8221;Closing Session&#8221; button_text=&#8221;&#8221; button_text_color=&#8221;#232323&#8243; button_text_color_hover=&#8221;#ffffff&#8221; button_bg_color=&#8221;#ffffff&#8221; button_bg_color_hover=&#8221;#be3455&#8243; button_border_color=&#8221;#be3455&#8243; button_border_color_hover=&#8221;#be3455&#8243;][\/wgl_timetabs_container][\/wgl_timetabs_wrapper][wgl_spacing spacer_size=&#8221;60px&#8221;][\/vc_column][\/vc_row][vc_row full_width=&#8221;stretch_row_content&#8221; disable_element=&#8221;yes&#8221; css=&#8221;.vc_custom_1680976513383{background-color: #be3455 !important;}&#8221;][vc_column][wgl_spacing spacer_size=&#8221;45px&#8221;][wgl_clients item_grid=&#8221;1&#8243; item_anim=&#8221;zoom&#8221; resp_medium=&#8221;1201&#8243; resp_medium_slides=&#8221;5&#8243; resp_tablets=&#8221;992&#8243; resp_tablets_slides=&#8221;3&#8243; resp_mobile=&#8221;768&#8243; resp_mobile_slides=&#8221;2&#8243; values=&#8221;%5B%7B%22thumbnail%22%3A%221860%22%2C%22add_link%22%3A%22true%22%2C%22link%22%3A%22url%3Ahttp%253A%252F%252Fwww.iletisim.gov.tr%22%7D%5D&#8221; use_carousel=&#8221;true&#8221; autoplay=&#8221;true&#8221; custom_resp=&#8221;true&#8221;][wgl_spacing spacer_size=&#8221;55px&#8221;][\/vc_column][\/vc_row][vc_row full_width=&#8221;stretch_row&#8221; disable_element=&#8221;yes&#8221; css=&#8221;.vc_custom_1680976413907{background-image: url(http:\/\/isf.org.tr\/en\/wp-content\/uploads\/2023\/04\/arka3.png?id=2373) !important;background-position: center !important;background-repeat: no-repeat !important;background-size: cover !important;}&#8221;][vc_column][wgl_spacing spacer_size=&#8221;50px&#8221;][wgl_double_headings align=&#8221;center&#8221; title_color=&#8221;#232323&#8243; subtitle_color=&#8221;#fd226a&#8221; bgtitle_color=&#8221;#f3f3f3&#8243; title=&#8221;Kimler Kat\u0131l\u0131yor?&#8221; subtitle=&#8221;`{`Konu\u015fmac\u0131lar`}`&#8221; bgtitle=&#8221;KONU\u015eMACI&#8221; bg_responsive_font=&#8221;true&#8221; bg_font_size_mobile=&#8221;50&#8243; responsive_font=&#8221;true&#8221; font_size_mobile=&#8221;35&#8243;][wgl_spacing spacer_size=&#8221;18px&#8221;][vc_row_inner][vc_column_inner offset=&#8221;vc_col-lg-offset-3 vc_col-lg-6 vc_col-md-offset-2 vc_col-md-8&#8243;][vc_column_text]\n<p style=\"text-align: center;\">Ulusal ve uluslararas\u0131 \u00e7apta, alan\u0131nda uzman 45 konu\u015fmac\u0131!<\/p>\n[\/vc_column_text][\/vc_column_inner][\/vc_row_inner][wgl_spacing spacer_size=&#8221;30px&#8221;]\t\t<div  class=\"wgl_module_team team-col_4 acenter horiz_type shadow_on_hover\">\n\t\t    <div class=\"team-items_wrap clearfix\"  style=\"margin-right:-15px; margin-left:-15px;\" >\n\t\t        <div class=\"team-item\" style=\"padding-right:15px; padding-left:15px;  padding-bottom:30px;\"><div class=\"team-item_content\"><div class=\"team-image_wrap\"><div class=\"team-image\"><img decoding=\"async\" src=\"https:\/\/isf.org.tr\/en\/wp-content\/uploads\/2022\/12\/GoncaOguz2-420x420.png\" alt=\"\" \/><\/div><\/div><div class=\"team-item_info\"><div class=\"team-item_titles\"><h1 class=\"team-title\"><a href=\"https:\/\/isf.org.tr\/en\/speaker\/doc-dr-gonca-oguz-gok\/\">Assoc. Prof. Gonca O\u011fuz G\u00f6k<\/a><\/h1><div class=\"team-department\">Marmara University<\/div><\/div><\/div><div class=\"team-info_svg\"><svg xmlns=\"http:\/\/www.w3.org\/2000\/svg\" viewBox=\"0 0 361.1 62.7\"><path d=\"M59.2,19.4c91.2-28.9,166.6,27.1,224,33.9c37.7,4.5,67.8-9.4,77.9-53.3H0v62.4C11.5,45.7,30.5,29.4,59.2,19.4z\"\/><\/svg><\/div><\/div><\/div><div class=\"team-item\" style=\"padding-right:15px; padding-left:15px;  padding-bottom:30px;\"><div class=\"team-item_content\"><div class=\"team-image_wrap\"><div class=\"team-image\"><img decoding=\"async\" src=\"https:\/\/isf.org.tr\/en\/wp-content\/uploads\/2022\/12\/Suay2-420x420.png\" alt=\"\" \/><\/div><\/div><div class=\"team-item_info\"><div class=\"team-item_titles\"><h1 class=\"team-title\"><a href=\"https:\/\/isf.org.tr\/en\/speaker\/dr-suay-nilhan-acikalin\/\">Assoc. Prof. \u015euay Nilhan A\u00e7\u0131kal\u0131n<\/a><\/h1><div class=\"team-department\">Ankara Hac\u0131 Bayram Veli University<\/div><\/div><\/div><div class=\"team-info_svg\"><svg xmlns=\"http:\/\/www.w3.org\/2000\/svg\" viewBox=\"0 0 361.1 62.7\"><path d=\"M59.2,19.4c91.2-28.9,166.6,27.1,224,33.9c37.7,4.5,67.8-9.4,77.9-53.3H0v62.4C11.5,45.7,30.5,29.4,59.2,19.4z\"\/><\/svg><\/div><\/div><\/div><div class=\"team-item\" style=\"padding-right:15px; padding-left:15px;  padding-bottom:30px;\"><div class=\"team-item_content\"><div class=\"team-image_wrap\"><div class=\"team-image\"><img decoding=\"async\" src=\"https:\/\/isf.org.tr\/en\/wp-content\/uploads\/2023\/04\/Ryszard-Czarnecki-420x420.png\" alt=\"\" \/><\/div><\/div><div class=\"team-item_info\"><div class=\"team-item_titles\"><h1 class=\"team-title\"><a href=\"https:\/\/isf.org.tr\/en\/speaker\/ryszard-czarnecki\/\">Ryszard Czarnecki<\/a><\/h1><div class=\"team-department\">Member of the European Parliament<\/div><\/div><\/div><div class=\"team-info_svg\"><svg xmlns=\"http:\/\/www.w3.org\/2000\/svg\" viewBox=\"0 0 361.1 62.7\"><path d=\"M59.2,19.4c91.2-28.9,166.6,27.1,224,33.9c37.7,4.5,67.8-9.4,77.9-53.3H0v62.4C11.5,45.7,30.5,29.4,59.2,19.4z\"\/><\/svg><\/div><\/div><\/div><div class=\"team-item\" style=\"padding-right:15px; padding-left:15px;  padding-bottom:30px;\"><div class=\"team-item_content\"><div class=\"team-image_wrap\"><div class=\"team-image\"><img decoding=\"async\" src=\"https:\/\/isf.org.tr\/en\/wp-content\/uploads\/2023\/04\/Amanda-Paul-420x420.png\" alt=\"\" \/><\/div><\/div><div class=\"team-item_info\"><div class=\"team-item_titles\"><h1 class=\"team-title\"><a href=\"https:\/\/isf.org.tr\/en\/speaker\/amanda-paul\/\">Amanda Paul<\/a><\/h1><div class=\"team-department\">Senior Policy Analyst, European Policy Centre<\/div><\/div><\/div><div class=\"team-info_svg\"><svg xmlns=\"http:\/\/www.w3.org\/2000\/svg\" viewBox=\"0 0 361.1 62.7\"><path d=\"M59.2,19.4c91.2-28.9,166.6,27.1,224,33.9c37.7,4.5,67.8-9.4,77.9-53.3H0v62.4C11.5,45.7,30.5,29.4,59.2,19.4z\"\/><\/svg><\/div><\/div><\/div><div class=\"team-item\" style=\"padding-right:15px; padding-left:15px;  padding-bottom:30px;\"><div class=\"team-item_content\"><div class=\"team-image_wrap\"><div class=\"team-image\"><img decoding=\"async\" src=\"https:\/\/isf.org.tr\/en\/wp-content\/uploads\/2023\/04\/Daria-Isachenko-420x420.png\" alt=\"\" \/><\/div><\/div><div class=\"team-item_info\"><div class=\"team-item_titles\"><h1 class=\"team-title\"><a href=\"https:\/\/isf.org.tr\/en\/speaker\/daria-isachenko\/\">Daria Isachenko<\/a><\/h1><div class=\"team-department\">Researcher, German Institute for International and Security Affairs (SWP)<\/div><\/div><\/div><div class=\"team-info_svg\"><svg xmlns=\"http:\/\/www.w3.org\/2000\/svg\" viewBox=\"0 0 361.1 62.7\"><path d=\"M59.2,19.4c91.2-28.9,166.6,27.1,224,33.9c37.7,4.5,67.8-9.4,77.9-53.3H0v62.4C11.5,45.7,30.5,29.4,59.2,19.4z\"\/><\/svg><\/div><\/div><\/div><div class=\"team-item\" style=\"padding-right:15px; padding-left:15px;  padding-bottom:30px;\"><div class=\"team-item_content\"><div class=\"team-image_wrap\"><div class=\"team-image\"><img decoding=\"async\" src=\"https:\/\/isf.org.tr\/en\/wp-content\/uploads\/2023\/04\/Prof.-Luis-Tome-420x420.png\" alt=\"\" \/><\/div><\/div><div class=\"team-item_info\"><div class=\"team-item_titles\"><h1 class=\"team-title\"><a href=\"https:\/\/isf.org.tr\/en\/speaker\/prof-luis-tome\/\">Prof. Lu\u00eds Tom\u00e9<\/a><\/h1><div class=\"team-department\">Full Professor\/Director, Department of International Relations \u2013 Autonomous University of Lisbon; Senior Researcher of the Portuguese Institute of International Relations (IPRI)<\/div><\/div><\/div><div class=\"team-info_svg\"><svg xmlns=\"http:\/\/www.w3.org\/2000\/svg\" viewBox=\"0 0 361.1 62.7\"><path d=\"M59.2,19.4c91.2-28.9,166.6,27.1,224,33.9c37.7,4.5,67.8-9.4,77.9-53.3H0v62.4C11.5,45.7,30.5,29.4,59.2,19.4z\"\/><\/svg><\/div><\/div><\/div><div class=\"team-item\" style=\"padding-right:15px; padding-left:15px;  padding-bottom:30px;\"><div class=\"team-item_content\"><div class=\"team-image_wrap\"><div class=\"team-image\"><img decoding=\"async\" src=\"https:\/\/isf.org.tr\/en\/wp-content\/uploads\/2023\/04\/VolkanOskiper2-420x420.png\" alt=\"\" \/><\/div><\/div><div class=\"team-item_info\"><div class=\"team-item_titles\"><h1 class=\"team-title\"><a href=\"https:\/\/isf.org.tr\/en\/speaker\/volkan-oskiper\/\">Volkan \u00d6skiper<\/a><\/h1><div class=\"team-department\">Ministry of Foreign Affairs of the Republic of T\u00fcrkiye Deputy Director General for NATO and European Atlantic Security Affairs<\/div><\/div><\/div><div class=\"team-info_svg\"><svg xmlns=\"http:\/\/www.w3.org\/2000\/svg\" viewBox=\"0 0 361.1 62.7\"><path d=\"M59.2,19.4c91.2-28.9,166.6,27.1,224,33.9c37.7,4.5,67.8-9.4,77.9-53.3H0v62.4C11.5,45.7,30.5,29.4,59.2,19.4z\"\/><\/svg><\/div><\/div><\/div><div class=\"team-item\" style=\"padding-right:15px; padding-left:15px;  padding-bottom:30px;\"><div class=\"team-item_content\"><div class=\"team-image_wrap\"><div class=\"team-image\"><img decoding=\"async\" src=\"https:\/\/isf.org.tr\/en\/wp-content\/uploads\/2023\/04\/Nicola-Pedde-420x420.png\" alt=\"\" \/><\/div><\/div><div class=\"team-item_info\"><div class=\"team-item_titles\"><h1 class=\"team-title\"><a href=\"https:\/\/isf.org.tr\/en\/speaker\/nicola-pedde\/\">Nicola Pedde<\/a><\/h1><div class=\"team-department\">Director of Institute for Global Studies<\/div><\/div><\/div><div class=\"team-info_svg\"><svg xmlns=\"http:\/\/www.w3.org\/2000\/svg\" viewBox=\"0 0 361.1 62.7\"><path d=\"M59.2,19.4c91.2-28.9,166.6,27.1,224,33.9c37.7,4.5,67.8-9.4,77.9-53.3H0v62.4C11.5,45.7,30.5,29.4,59.2,19.4z\"\/><\/svg><\/div><\/div><\/div>\t\t    <\/div>\n\t\t<\/div>\n\t\t[wgl_button button_text=&#8221;T\u00dcM KONU\u015eMACILAR&#8221; align=&#8221;center&#8221; shadow_style=&#8221;before_hover&#8221; font_weight=&#8221;500&#8243; customize=&#8221;color&#8221; text_color=&#8221;#ffffff&#8221; text_color_hover=&#8221;#be3455&#8243; bg_color=&#8221;#be3455&#8243; bg_color_hover=&#8221;#ffffff&#8221; border_color=&#8221;#7c529c&#8221; border_color_hover=&#8221;#7c529c&#8221; link=&#8221;url:https%3A%2F%2Fisf.org.tr\/en%2Fkonusmacilar%2F&#8221;][wgl_spacing spacer_size=&#8221;88px&#8221;][\/vc_column][\/vc_row][vc_row full_width=&#8221;stretch_row&#8221; disable_element=&#8221;yes&#8221; css=&#8221;.vc_custom_1680976523235{padding-top: 0px !important;background-image: url(http:\/\/isf.org.tr\/en\/wp-content\/uploads\/2018\/10\/section_06.jpg?id=310) !important;background-position: center !important;background-repeat: no-repeat !important;background-size: cover !important;}&#8221;][vc_column css=&#8221;.vc_custom_1539249238045{padding-top: 0px !important;}&#8221;][vc_row_inner css=&#8221;.vc_custom_1539250914553{background-image: url(http:\/\/isf.org.tr\/en\/wp-content\/uploads\/2018\/10\/section_04.jpg?id=284) !important;background-position: center !important;background-repeat: no-repeat !important;background-size: cover !important;border-radius: 10px !important;}&#8221; el_class=&#8221;box-shadow-2&#8243;][vc_column_inner css=&#8221;.vc_custom_1539249190703{padding-top: 0px !important;}&#8221;][wgl_spacing spacer_size=&#8221;140px&#8221; responsive_mobile=&#8221;true&#8221; size_mobile=&#8221;100&#8243;][wgl_double_headings align=&#8221;center&#8221; title_size=&#8221;60px&#8221; title_line_height=&#8221;35px&#8221; title_weight=&#8221;700&#8243; title_color=&#8221;#ffffff&#8221; subtitle_color=&#8221;#fd226a&#8221; bgtitle_line_height=&#8221;5px&#8221; bgtitle_color=&#8221;rgba(243,243,243,0.2)&#8221; title=&#8221;Etkinlik Filmi&#8221; bgtitle=&#8221;VIDEO&#8221; custom_title_color=&#8221;true&#8221; custom_bgtitle_color=&#8221;true&#8221; responsive_font=&#8221;true&#8221; font_size_mobile=&#8221;30&#8243; bg_responsive_font=&#8221;true&#8221; bg_font_size_mobile=&#8221;80&#8243;][wgl_spacing spacer_size=&#8221;24px&#8221;][wgl_custom_text font_size=&#8221;18&#8243;]\n<p style=\"text-align: center;\"><span style=\"color: #ffffff;\">Etkinlik tan\u0131t\u0131m filmimizi izleyebilirsiniz.<\/span><\/p>\n[\/wgl_custom_text][wgl_spacing spacer_size=&#8221;44px&#8221;][wgl_video_popup link=&#8221;https:\/\/www.youtube.com&#8221;][wgl_spacing spacer_size=&#8221;205px&#8221; screen_tablet=&#8221;992&#8243; responsive_tablet=&#8221;true&#8221; size_tablet=&#8221;140&#8243; responsive_mobile=&#8221;true&#8221; size_mobile=&#8221;100&#8243;][\/vc_column_inner][\/vc_row_inner][wgl_spacing spacer_size=&#8221;80px&#8221;][\/vc_column][\/vc_row][vc_row full_width=&#8221;stretch_row&#8221; parallax=&#8221;content-moving&#8221; css=&#8221;.vc_custom_1680977656178{background-image: url(http:\/\/isf.org.tr\/en\/wp-content\/uploads\/2023\/04\/kesfet2.png?id=2457) !important;}&#8221;][vc_column][wgl_spacing spacer_size=&#8221;40px&#8221;][vc_row_inner][vc_column_inner width=&#8221;1\/4&#8243;][vc_single_image image=&#8221;2449&#8243; img_size=&#8221;full&#8221;][\/vc_column_inner][vc_column_inner width=&#8221;1\/2&#8243;][vc_column_text]<span style=\"color: #ffffff;\">\u0130stanbul, the bustling metropolis of T\u00fcrkiye, is a city full of charm, where the past goes hand in hand with the present and every step brings to light a relic of times gone by. At the crossroads of two continents &#8211; Europe and Asia &#8211; this spectacular city has absorbed the best of both worlds.<\/span>[\/vc_column_text][\/vc_column_inner][vc_column_inner width=&#8221;1\/4&#8243;][wgl_spacing spacer_size=&#8221;10px&#8221;][vc_btn title=&#8221;DISCOVER ISTANBUL&#8221; color=&#8221;danger&#8221; link=&#8221;url:https%3A%2F%2Fistanbul.goturkiye.com%2F|target:_blank&#8221;][\/vc_column_inner][\/vc_row_inner][wgl_spacing spacer_size=&#8221;54px&#8221;][\/vc_column][\/vc_row][vc_row][vc_column][wgl_spacing spacer_size=&#8221;50px&#8221;][\/vc_column][\/vc_row][vc_row disable_element=&#8221;yes&#8221;][vc_column css=&#8221;.vc_custom_1539783205580{padding-top: 0px !important;}&#8221; offset=&#8221;vc_col-md-3&#8243;][wgl_double_headings title_color=&#8221;#232323&#8243; subtitle_color=&#8221;#19c4c6&#8243; bgtitle_color=&#8221;#f3f3f3&#8243; title=&#8221;Haberler&#8221; subtitle=&#8221;`{`Etkinlik Hakk\u0131nda`}`&#8221; bgtitle=&#8221;HABER&#8221; responsive_font=&#8221;true&#8221; font_size_mobile=&#8221;38&#8243; bg_responsive_font=&#8221;true&#8221; bg_font_size_mobile=&#8221;60&#8243;][\/vc_column][vc_column css=&#8221;.vc_custom_1539783196969{padding-top: 0px !important;}&#8221; offset=&#8221;vc_col-lg-6 vc_col-md-7&#8243;][wgl_spacing spacer_size=&#8221;82px&#8221; screen_tablet=&#8221;992&#8243; responsive_tablet=&#8221;true&#8221; size_tablet=&#8221;21&#8243;][vc_column_text]Etkinlik ve paneller ile ilgili son haberleri sitemizden ve sosyal medya hesaplar\u0131m\u0131zdan takip edebilirsiniz.[\/vc_column_text][\/vc_column][vc_column offset=&#8221;vc_col-lg-offset-1 vc_col-lg-2 vc_col-md-2&#8243; css=&#8221;.vc_custom_1539782906176{padding-top: 0px !important;}&#8221;][wgl_spacing spacer_size=&#8221;82px&#8221; screen_tablet=&#8221;992&#8243; responsive_tablet=&#8221;true&#8221; size_tablet=&#8221;35&#8243;][wgl_button button_text=&#8221;T\u00dcM\u00dcN\u00dc G\u00d6R&#8221; align=&#8221;right&#8221; shadow_style=&#8221;on_hover&#8221; customize=&#8221;color&#8221; text_color=&#8221;#313131&#8243; text_color_hover=&#8221;#ffffff&#8221; bg_color=&#8221;#ffffff&#8221; bg_color_hover=&#8221;#7c529c&#8221; border_color=&#8221;#7c529c&#8221; border_color_hover=&#8221;#7c529c&#8221; link=&#8221;url:http%3A%2F%2Fisf.org.tr\/en%2Fhaberler%2F&#8221;][\/vc_column][\/vc_row][vc_row disable_element=&#8221;yes&#8221; css=&#8221;.vc_custom_1680976472883{margin-bottom: -40px !important;}&#8221;][vc_column][wgl_spacing spacer_size=&#8221;30px&#8221;][wgl_blog_posts_standard blog_layout=&#8221;carousel&#8221; blog_columns=&#8221;4&#8243; use_navigation=&#8221;&#8221; resp_tablets=&#8221;992&#8243; resp_tablets_slides=&#8221;2&#8243; resp_mobile=&#8221;600&#8243; resp_mobile_slides=&#8221;1&#8243; heading_tag=&#8221;h5&#8243; heading_margin_bottom=&#8221;9px&#8221; number_of_posts=&#8221;3&#8243; order_by=&#8221;date&#8221; order=&#8221;ASC&#8221; meta_author=&#8221;true&#8221; hide_content=&#8221;true&#8221; custom_resp=&#8221;true&#8221;][\/vc_column][\/vc_row]\n","protected":false},"excerpt":{"rendered":"<p>[vc_row css=&#8221;.vc_custom_1539606550856{margin-top: -40px !important;}&#8221; el_class=&#8221;add_wave_rev_slider&#8221;][vc_column][rev_slider_vc alias=&#8221;home&#8221;][\/vc_column][\/vc_row][vc_row][vc_column][wgl_spacing spacer_size=&#8221;30px&#8221;][\/vc_column][\/vc_row][vc_row equal_height=&#8221;yes&#8221; content_placement=&#8221;middle&#8221;][vc_column offset=&#8221;vc_col-md-5&#8243;][wgl_double_headings title_weight=&#8221;400&#8243; title_color=&#8221;#232323&#8243; subtitle_color=&#8221;#be3455&#8243; bgtitle_color=&#8221;#f3f3f3&#8243; title=&#8221;Istanbul Security Forum&#8221; bgtitle=&#8221;ABOUT&#8221; responsive_font=&#8221;true&#8221; font_size_mobile=&#8221;36&#8243; bg_responsive_font=&#8221;true&#8221; bg_font_size_mobile=&#8221;75&#8243;][wgl_spacing spacer_size=&#8221;30px&#8221;][vc_column_text]The Istanbul Security Forum (ISF) will be held between 2-3 May 2023 by the Directorate of Communications in order to address regional and global security threats and solution proposals with an innovative perspective.[\/vc_column_text][wgl_spacing [&hellip;]<\/p>\n","protected":false},"author":1,"featured_media":0,"parent":0,"menu_order":0,"comment_status":"closed","ping_status":"closed","template":"","meta":{"_themeisle_gutenberg_block_has_review":false,"footnotes":""},"class_list":["post-210","page","type-page","status-publish","hentry"],"_links":{"self":[{"href":"https:\/\/isf.org.tr\/en\/wp-json\/wp\/v2\/pages\/210","targetHints":{"allow":["GET"]}}],"collection":[{"href":"https:\/\/isf.org.tr\/en\/wp-json\/wp\/v2\/pages"}],"about":[{"href":"https:\/\/isf.org.tr\/en\/wp-json\/wp\/v2\/types\/page"}],"author":[{"embeddable":true,"href":"https:\/\/isf.org.tr\/en\/wp-json\/wp\/v2\/users\/1"}],"replies":[{"embeddable":true,"href":"https:\/\/isf.org.tr\/en\/wp-json\/wp\/v2\/comments?post=210"}],"version-history":[{"count":129,"href":"https:\/\/isf.org.tr\/en\/wp-json\/wp\/v2\/pages\/210\/revisions"}],"predecessor-version":[{"id":2808,"href":"https:\/\/isf.org.tr\/en\/wp-json\/wp\/v2\/pages\/210\/revisions\/2808"}],"wp:attachment":[{"href":"https:\/\/isf.org.tr\/en\/wp-json\/wp\/v2\/media?parent=210"}],"curies":[{"name":"wp","href":"https:\/\/api.w.org\/{rel}","templated":true}]}}