{"id":764,"date":"2018-10-15T14:15:12","date_gmt":"2018-10-15T11:15:12","guid":{"rendered":"http:\/\/genesisexpo.webgeniuslab.net\/?page_id=764"},"modified":"2023-04-21T21:49:54","modified_gmt":"2023-04-21T18:49:54","slug":"about-forum","status":"publish","type":"page","link":"https:\/\/isf.org.tr\/en\/about-forum\/","title":{"rendered":"ABOUT"},"content":{"rendered":"[vc_row][vc_column offset=&#8221;vc_col-md-6&#8243;][vc_single_image image=&#8221;2540&#8243; img_size=&#8221;large&#8221; alignment=&#8221;center&#8221; css_animation=&#8221;fadeInLeft&#8221;][\/vc_column][vc_column offset=&#8221;vc_col-lg-offset-1 vc_col-lg-5 vc_col-md-6&#8243;][wgl_spacing spacer_size=&#8221;80&#8243; screen_desktops=&#8221;1200&#8243; screen_tablet=&#8221;992&#8243; responsive_desktop=&#8221;true&#8221; size_desktops=&#8221;64&#8243; responsive_tablet=&#8221;true&#8221; size_tablet=&#8221;85&#8243;][wgl_double_headings title_weight=&#8221;400&#8243; title_color=&#8221;#232323&#8243; subtitle_color=&#8221;#be3455&#8243; bgtitle_color=&#8221;#f3f3f3&#8243; title=&#8221;Istanbul Security Forum&#8221; bgtitle=&#8221;2023&#8243; bg_responsive_font=&#8221;true&#8221; bg_font_size_mobile=&#8221;100&#8243; responsive_font=&#8221;true&#8221; font_size_mobile=&#8221;30&#8243;][wgl_spacing spacer_size=&#8221;19&#8243;][vc_column_text]\n<div style=\"text-align: justify;\">In today\u2019s world, the concept of security and international actors\u2019 perception of it have been subject to constant change as the international setting is shaped by unpredictability, hybrid challenges, and crises.<\/div>\n[\/vc_column_text][wgl_spacing spacer_size=&#8221;41&#8243;][\/vc_column][\/vc_row][vc_row][vc_column][wgl_spacing spacer_size=&#8221;20&#8243; screen_desktops=&#8221;1200&#8243; screen_tablet=&#8221;600&#8243; responsive_tablet=&#8221;true&#8221; size_tablet=&#8221;30&#8243; responsive_desktop=&#8221;true&#8221; size_desktops=&#8221;30&#8243;][vc_column_text]\n<div style=\"text-align: justify;\">\n<p>Facing challenges that disrupt peace and stability in different parts of the world, international actors are prompted to ponder on ways to navigate their future. Since the traditional understanding of the concept of security has been transformed, the need for building resilience against modern challenges targeting security have also arisen.<\/p>\n<p>International actors, ranging from states to international organisations, have come to acknowledge that the concept of security has a multi-layered structure that includes phenomena such as climate and environmental problems, natural disasters, epidemics, economic crises, and cyber threats. Natural disasters and epidemics have marked the significance of joint actions and international cooperation in alleviating human suffering. The prolonged conflicts in recent years, including the Syrian Civil War and the War in Ukraine, also demonstrated the disastrous impact of instabilities on civilians. As civilians continue to withstand the worst of conflicts, which have global reverberations for international security and stability, there has been debate over the role of international organisations in addressing said conflicts.<\/p>\n<p>In the light of the aforementioned issues, the Presidency\u2019s Directorate of Communications of the Republic of T\u00fcrkiye is hosting the Istanbul Security Forum (ISF), aiming to generate fruitful discussions over the concept of security with an innovative perspective.<\/p>\n<p>The Forum, held for the first time in Istanbul, will bring together policy makers, academics, experts, journalists, and representatives of international organizations who will discuss the regional and global powers\u2019 approaches to security policies. In panels and roundtables, the participants will exchange views on ways to ensure security, and on facing challenges that await collective response.<\/p>\n<\/div>\n[\/vc_column_text][wgl_spacing spacer_size=&#8221;95&#8243; screen_desktops=&#8221;1200&#8243; screen_tablet=&#8221;600&#8243; responsive_tablet=&#8221;true&#8221; size_tablet=&#8221;30&#8243; responsive_desktop=&#8221;true&#8221; size_desktops=&#8221;30&#8243;][\/vc_column][\/vc_row][vc_row full_width=&#8221;stretch_row&#8221; css=&#8221;.vc_custom_1681845514894{background-image: url(http:\/\/isf.org.tr\/en\/wp-content\/uploads\/2023\/04\/arka.png?id=2536) !important;background-position: center !important;background-repeat: no-repeat !important;background-size: cover !important;}&#8221;][vc_column][wgl_spacing spacer_size=&#8221;153&#8243; screen_tablet=&#8221;992&#8243; responsive_tablet=&#8221;true&#8221; size_tablet=&#8221;120&#8243; responsive_mobile=&#8221;true&#8221; size_mobile=&#8221;100&#8243;][wgl_double_headings align=&#8221;center&#8221; title_size=&#8221;60&#8243; title_line_height=&#8221;35&#8243; title_color=&#8221;#ffffff&#8221; subtitle_color=&#8221;#be3455&#8243; bgtitle_line_height=&#8221;5&#8243; bgtitle_color=&#8221;rgba(243,243,243,0.3)&#8221; title=&#8221;REGISTER&#8221; bgtitle=&#8221;LETS&#8221; custom_title_color=&#8221;true&#8221; custom_bgtitle_color=&#8221;true&#8221; responsive_font=&#8221;true&#8221; bg_responsive_font=&#8221;true&#8221; font_size_mobile=&#8221;23&#8243; bg_font_size_mobile=&#8221;72&#8243;][wgl_spacing spacer_size=&#8221;25&#8243;][vc_column_text]\n<p style=\"text-align: center;\"><span style=\"color: #ffffff;\">Take your place at the Istanbul Security Forum, Register!<\/span><\/p>\n[\/vc_column_text][wgl_spacing spacer_size=&#8221;41&#8243;][wgl_button button_text=&#8221;REGISTER&#8221; size=&#8221;l&#8221; align=&#8221;center&#8221; customize=&#8221;color&#8221; text_color=&#8221;#ffffff&#8221; text_color_hover=&#8221;#ffffff&#8221; bg_color=&#8221;#be3455&#8243; bg_color_hover=&#8221;&#8221; border_color=&#8221;#be3455&#8243; border_color_hover=&#8221;#be3455&#8243; link=&#8221;url:https%3A%2F%2Fisf.org.tr%2Fen%2Fregister%2F&#8221;][wgl_spacing spacer_size=&#8221;163&#8243; screen_tablet=&#8221;992&#8243; responsive_tablet=&#8221;true&#8221; size_tablet=&#8221;120&#8243;][\/vc_column][\/vc_row][vc_row full_width=&#8221;stretch_row_content&#8221; css=&#8221;.vc_custom_1672344813089{background-color: #be3455 !important;}&#8221;][vc_column][wgl_spacing spacer_size=&#8221;45px&#8221;][wgl_clients item_grid=&#8221;1&#8243; item_anim=&#8221;zoom&#8221; resp_medium=&#8221;1200&#8243; resp_medium_slides=&#8221;5&#8243; resp_tablets_slides=&#8221;3&#8243; resp_mobile_slides=&#8221;2&#8243; values=&#8221;%5B%7B%22thumbnail%22%3A%222560%22%2C%22add_link%22%3A%22true%22%2C%22link%22%3A%22url%3Ahttp%253A%252F%252Fwww.iletisim.gov.tr%22%7D%5D&#8221; use_carousel=&#8221;true&#8221; autoplay=&#8221;true&#8221; custom_resp=&#8221;true&#8221;][wgl_spacing spacer_size=&#8221;55px&#8221;][\/vc_column][\/vc_row][vc_row disable_element=&#8221;yes&#8221;][vc_column][wgl_spacing spacer_size=&#8221;50&#8243;][wgl_double_headings align=&#8221;center&#8221; title_color=&#8221;#232323&#8243; subtitle_color=&#8221;#19c4c6&#8243; bgtitle_color=&#8221;#f3f3f3&#8243; title=&#8221;Kimler Konu\u015fuyor?&#8221; bgtitle=&#8221;PANEL\u0130STLER&#8221; bg_responsive_font=&#8221;true&#8221; bg_font_size_desctop=&#8221;120&#8243; bg_font_size_tablet=&#8221;90&#8243; bg_font_size_mobile=&#8221;50&#8243;][wgl_spacing spacer_size=&#8221;17&#8243;][\/vc_column][\/vc_row][vc_row disable_element=&#8221;yes&#8221;][vc_column offset=&#8221;vc_col-lg-offset-3 vc_col-lg-6 vc_col-md-offset-2 vc_col-md-8 vc_col-sm-offset-0&#8243;][vc_column_text]\n<p style=\"text-align: center;\"><span>Ulusal ve uluslararas\u0131 \u00e7apta, alan\u0131nda uzman 45 konu\u015fmac\u0131!<\/span><\/p>\n[\/vc_column_text][\/vc_column][\/vc_row][vc_row disable_element=&#8221;yes&#8221;][vc_column][wgl_spacing spacer_size=&#8221;13&#8243;]\t\t<div  class=\"wgl_module_team team-col_4 acenter horiz_type shadow_always anim_moveup\">\n\t\t    <div class=\"team-items_wrap clearfix\"  style=\"margin-right:-15px; margin-left:-15px;\" >\n\t\t        [wgl_carousel slide_to_show=\"4\" autoplay=\"true\" autoplay_speed=\"3000\" use_pagination=\"\" pag_type=\"circle\" pag_offset=\"\" custom_pag_color=\"\" pag_color=\"#be3455\" use_prev_next=\"\" custom_buttons_color=\"\" buttons_color=\"#be3455\" custom_resp=\"true\" resp_medium=\"1200\" resp_medium_slides=\"3\" resp_tablets=\"992\" resp_tablets_slides=\"2\" resp_mobile=\"601\" resp_mobile_slides=\"1\" infinite=\"\" slides_to_scroll=\"\" ]<div class=\"team-item\" style=\"padding-right:15px; padding-left:15px;  padding-bottom:30px;\"><div class=\"team-item_content\"><div class=\"team-image_wrap\"><div class=\"team-image\"><img decoding=\"async\" src=\"https:\/\/isf.org.tr\/en\/wp-content\/uploads\/2022\/12\/GoncaOguz2-420x420.png\" alt=\"\" \/><\/div><\/div><div class=\"team-item_info\"><div class=\"team-item_titles\"><h1 class=\"team-title\"><a href=\"https:\/\/isf.org.tr\/en\/speaker\/doc-dr-gonca-oguz-gok\/\">Assoc. Prof. Gonca O\u011fuz G\u00f6k<\/a><\/h1><div class=\"team-department\">Marmara University<\/div><\/div><\/div><div class=\"team-info_svg\"><svg xmlns=\"http:\/\/www.w3.org\/2000\/svg\" viewBox=\"0 0 361.1 62.7\"><path d=\"M59.2,19.4c91.2-28.9,166.6,27.1,224,33.9c37.7,4.5,67.8-9.4,77.9-53.3H0v62.4C11.5,45.7,30.5,29.4,59.2,19.4z\"\/><\/svg><\/div><\/div><\/div><div class=\"team-item\" style=\"padding-right:15px; padding-left:15px;  padding-bottom:30px;\"><div class=\"team-item_content\"><div class=\"team-image_wrap\"><div class=\"team-image\"><img decoding=\"async\" src=\"https:\/\/isf.org.tr\/en\/wp-content\/uploads\/2022\/12\/Suay2-420x420.png\" alt=\"\" \/><\/div><\/div><div class=\"team-item_info\"><div class=\"team-item_titles\"><h1 class=\"team-title\"><a href=\"https:\/\/isf.org.tr\/en\/speaker\/dr-suay-nilhan-acikalin\/\">Assoc. Prof. \u015euay Nilhan A\u00e7\u0131kal\u0131n<\/a><\/h1><div class=\"team-department\">Ankara Hac\u0131 Bayram Veli University<\/div><\/div><\/div><div class=\"team-info_svg\"><svg xmlns=\"http:\/\/www.w3.org\/2000\/svg\" viewBox=\"0 0 361.1 62.7\"><path d=\"M59.2,19.4c91.2-28.9,166.6,27.1,224,33.9c37.7,4.5,67.8-9.4,77.9-53.3H0v62.4C11.5,45.7,30.5,29.4,59.2,19.4z\"\/><\/svg><\/div><\/div><\/div><div class=\"team-item\" style=\"padding-right:15px; padding-left:15px;  padding-bottom:30px;\"><div class=\"team-item_content\"><div class=\"team-image_wrap\"><div class=\"team-image\"><img decoding=\"async\" src=\"https:\/\/isf.org.tr\/en\/wp-content\/uploads\/2023\/04\/Ryszard-Czarnecki-420x420.png\" alt=\"\" \/><\/div><\/div><div class=\"team-item_info\"><div class=\"team-item_titles\"><h1 class=\"team-title\"><a href=\"https:\/\/isf.org.tr\/en\/speaker\/ryszard-czarnecki\/\">Ryszard Czarnecki<\/a><\/h1><div class=\"team-department\">Member of the European Parliament<\/div><\/div><\/div><div class=\"team-info_svg\"><svg xmlns=\"http:\/\/www.w3.org\/2000\/svg\" viewBox=\"0 0 361.1 62.7\"><path d=\"M59.2,19.4c91.2-28.9,166.6,27.1,224,33.9c37.7,4.5,67.8-9.4,77.9-53.3H0v62.4C11.5,45.7,30.5,29.4,59.2,19.4z\"\/><\/svg><\/div><\/div><\/div><div class=\"team-item\" style=\"padding-right:15px; padding-left:15px;  padding-bottom:30px;\"><div class=\"team-item_content\"><div class=\"team-image_wrap\"><div class=\"team-image\"><img decoding=\"async\" src=\"https:\/\/isf.org.tr\/en\/wp-content\/uploads\/2023\/04\/Amanda-Paul-420x420.png\" alt=\"\" \/><\/div><\/div><div class=\"team-item_info\"><div class=\"team-item_titles\"><h1 class=\"team-title\"><a href=\"https:\/\/isf.org.tr\/en\/speaker\/amanda-paul\/\">Amanda Paul<\/a><\/h1><div class=\"team-department\">Senior Policy Analyst, European Policy Centre<\/div><\/div><\/div><div class=\"team-info_svg\"><svg xmlns=\"http:\/\/www.w3.org\/2000\/svg\" viewBox=\"0 0 361.1 62.7\"><path d=\"M59.2,19.4c91.2-28.9,166.6,27.1,224,33.9c37.7,4.5,67.8-9.4,77.9-53.3H0v62.4C11.5,45.7,30.5,29.4,59.2,19.4z\"\/><\/svg><\/div><\/div><\/div>[\/wgl_carousel]\t\t    <\/div>\n\t\t<\/div>\n\t\t[wgl_spacing spacer_size=&#8221;18&#8243;][wgl_button button_text=&#8221;T\u00dcM KONU\u015eMACILAR&#8221; align=&#8221;center&#8221; shadow_style=&#8221;before_hover&#8221; customize=&#8221;color&#8221; text_color=&#8221;#ffffff&#8221; text_color_hover=&#8221;#be3455&#8243; bg_color=&#8221;#be3455&#8243; bg_color_hover=&#8221;#ffffff&#8221; border_color=&#8221;#be3455&#8243; border_color_hover=&#8221;#be3455&#8243; link=&#8221;url:https%3A%2F%2Fisf.org.tr\/en%2Fkonusmacilar%2F&#8221;][wgl_spacing spacer_size=&#8221;91&#8243;][\/vc_column][\/vc_row][vc_row full_width=&#8221;stretch_row_content_no_spaces&#8221; css=&#8221;.vc_custom_1539335789393{margin-bottom: -40px !important;}&#8221;][vc_column css=&#8221;.vc_custom_1539335392176{padding-top: 0px !important;}&#8221;][\/vc_column][\/vc_row]\n","protected":false},"excerpt":{"rendered":"<p>[vc_row][vc_column offset=&#8221;vc_col-md-6&#8243;][vc_single_image image=&#8221;2540&#8243; img_size=&#8221;large&#8221; alignment=&#8221;center&#8221; css_animation=&#8221;fadeInLeft&#8221;][\/vc_column][vc_column offset=&#8221;vc_col-lg-offset-1 vc_col-lg-5 vc_col-md-6&#8243;][wgl_spacing spacer_size=&#8221;80&#8243; screen_desktops=&#8221;1200&#8243; screen_tablet=&#8221;992&#8243; responsive_desktop=&#8221;true&#8221; size_desktops=&#8221;64&#8243; responsive_tablet=&#8221;true&#8221; size_tablet=&#8221;85&#8243;][wgl_double_headings title_weight=&#8221;400&#8243; title_color=&#8221;#232323&#8243; subtitle_color=&#8221;#be3455&#8243; bgtitle_color=&#8221;#f3f3f3&#8243; title=&#8221;Istanbul Security Forum&#8221; bgtitle=&#8221;2023&#8243; bg_responsive_font=&#8221;true&#8221; bg_font_size_mobile=&#8221;100&#8243; responsive_font=&#8221;true&#8221; font_size_mobile=&#8221;30&#8243;][wgl_spacing spacer_size=&#8221;19&#8243;][vc_column_text] In today\u2019s world, the concept of security and international actors\u2019 perception of it have been subject to constant change as the international setting is shaped by [&hellip;]<\/p>\n","protected":false},"author":1,"featured_media":0,"parent":0,"menu_order":0,"comment_status":"closed","ping_status":"closed","template":"","meta":{"_themeisle_gutenberg_block_has_review":false,"footnotes":""},"class_list":["post-764","page","type-page","status-publish","hentry"],"_links":{"self":[{"href":"https:\/\/isf.org.tr\/en\/wp-json\/wp\/v2\/pages\/764","targetHints":{"allow":["GET"]}}],"collection":[{"href":"https:\/\/isf.org.tr\/en\/wp-json\/wp\/v2\/pages"}],"about":[{"href":"https:\/\/isf.org.tr\/en\/wp-json\/wp\/v2\/types\/page"}],"author":[{"embeddable":true,"href":"https:\/\/isf.org.tr\/en\/wp-json\/wp\/v2\/users\/1"}],"replies":[{"embeddable":true,"href":"https:\/\/isf.org.tr\/en\/wp-json\/wp\/v2\/comments?post=764"}],"version-history":[{"count":28,"href":"https:\/\/isf.org.tr\/en\/wp-json\/wp\/v2\/pages\/764\/revisions"}],"predecessor-version":[{"id":2579,"href":"https:\/\/isf.org.tr\/en\/wp-json\/wp\/v2\/pages\/764\/revisions\/2579"}],"wp:attachment":[{"href":"https:\/\/isf.org.tr\/en\/wp-json\/wp\/v2\/media?parent=764"}],"curies":[{"name":"wp","href":"https:\/\/api.w.org\/{rel}","templated":true}]}}